{"id":3260,"date":"2024-12-04T19:08:43","date_gmt":"2024-12-04T19:08:43","guid":{"rendered":"https:\/\/autoconsumo.minenergia.cl\/?page_id=3260"},"modified":"2025-01-30T17:19:15","modified_gmt":"2025-01-30T17:19:15","slug":"1-4-iniciativas-relacionadas","status":"publish","type":"page","link":"https:\/\/autoconsumo.minenergia.cl\/?page_id=3260","title":{"rendered":"1.4 Iniciativas relacionadas\u00a0&#8211; Energ\u00eda solar fotovoltaica"},"content":{"rendered":"\n<h3 class=\"wp-block-heading\">Ponle Energ\u00eda a tu Empresa<\/h3>\n\n\n\n<figure class=\"wp-block-image size-full\"><img loading=\"lazy\" decoding=\"async\" width=\"174\" height=\"118\" src=\"https:\/\/autoconsumo.minenergia.cl\/wp-content\/uploads\/2024\/12\/image-12.png\" alt=\"\" class=\"wp-image-3650\"\/><\/figure>\n\n\n\n<p>El&nbsp;<strong>Concurso Ponle Energ\u00eda a tu Empresa<\/strong>, financiado por&nbsp;<strong>Mitigation Action Facility (UE)<\/strong>, ex NAMA Facility, busc\u00f3 entregar apoyo a empresas de todo tama\u00f1o a nivel nacional en la implementaci\u00f3n de sistemas de energ\u00edas renovables para su autoconsumo. Se realizaron dos concursos, el 2021 y 2023, ejecutando 62 proyectos en 13 regiones del pa\u00eds. El cofinanciamiento alcanz\u00f3 los <strong>$957.896.109<\/strong>, con una inversi\u00f3n total de <strong>$3.618 millones<\/strong>. <\/p>\n\n\n\n<p>En cuanto al medio de generaci\u00f3n de energ\u00eda renovable, <strong>58 proyectos corresponden a sistemas fotovoltaicos<\/strong>, 2 bomba de calor aerot\u00e9rmica, 1 sistema solar t\u00e9rmico y un proyecto que implement\u00f3 dos tecnolog\u00edas: sistema solar t\u00e9rmico y una bomba de calor aerot\u00e9rmica.<\/p>\n\n\n\n<p>Los <strong>62 proyectos equivalen a 3,8 MW de potencia el\u00e9ctrica y 0,5 MW de potencia t\u00e9rmica<\/strong>. El <strong>28% de los proyectos fotovoltaicos tienen almacenamiento<\/strong>, 16 proyectos que suman 220 kWh de almacenamiento en bater\u00edas. Respecto a la conexi\u00f3n hay 2 proyectos off grid, 5 on grid sin inyecci\u00f3n y <strong>51 on grid conectados bajo la Ley de Generaci\u00f3n Distribuida<\/strong>. La capacidad instalada se distribuye entre los 3 a 300 kW.<\/p>\n\n\n\n<p>Se mitigar\u00e1n 2.153 TCO<sub>2<\/sub>e anualmente. Durante su vida \u00fatil (estimaci\u00f3n de 20 a\u00f1os), los proyectos instalados evitar\u00e1n un total de 40.793 TCO<sub>2<\/sub>e.<\/p>\n\n\n\n<p>Ingresa a la pagina <a href=\"https:\/\/atencionciudadana.minenergia.cl\/tramites\/informacion\/50\" target=\"_blank\" rel=\"noreferrer noopener\">aqu\u00ed.<\/a> <\/p>\n\n\n\n<h3 class=\"wp-block-heading\">Programa de Capacitaci\u00f3n en Energ\u00eda Solar para Liceos T\u00e9cnico Profesionales<\/h3>\n\n\n\n<p>El&nbsp;<strong>&#8220;Programa de capacitaci\u00f3n en energ\u00eda solar fotovoltaica para liceos de educaci\u00f3n media t\u00e9cnico profesional con especialidad de electricidad\u201d<\/strong>, es una iniciativa piloto desarrollada por el Ministerio de Energ\u00eda con el apoyo t\u00e9cnico del Ministerio de Educaci\u00f3n, la Superintendencia de Electricidad y Combustibles SEC y la Agencia de Sostenibilidad Energ\u00e9tica, cuyo objetivo es aumentar el&nbsp;<strong>n\u00famero de t\u00e9cnicos electricistas de nivel medio especializados en la implementaci\u00f3n y mantenci\u00f3n de sistemas fotovoltaicos<\/strong>, instalados en el pa\u00eds bajo el esquema de la Ley Generaci\u00f3n de Distribuida. <\/p>\n\n\n\n<p>Ingresa a la p\u00e1gina web del PTSP<a href=\"https:\/\/energia.gob.cl\/panel\/liceos-fotovoltaicos\" target=\"_blank\" rel=\"noreferrer noopener\">&nbsp;aqu\u00ed<\/a>.<\/p>\n\n\n\n<figure class=\"wp-block-image size-full is-resized\"><img loading=\"lazy\" decoding=\"async\" width=\"926\" height=\"373\" src=\"https:\/\/autoconsumo.minenergia.cl\/wp-content\/uploads\/2025\/01\/image-5.png\" alt=\"\" class=\"wp-image-4015\" style=\"width:541px;height:auto\" srcset=\"https:\/\/autoconsumo.minenergia.cl\/wp-content\/uploads\/2025\/01\/image-5.png 926w, https:\/\/autoconsumo.minenergia.cl\/wp-content\/uploads\/2025\/01\/image-5-300x121.png 300w, https:\/\/autoconsumo.minenergia.cl\/wp-content\/uploads\/2025\/01\/image-5-768x309.png 768w, https:\/\/autoconsumo.minenergia.cl\/wp-content\/uploads\/2025\/01\/image-5-660x266.png 660w\" sizes=\"auto, (max-width: 926px) 100vw, 926px\" \/><\/figure>\n\n\n\n<h3 class=\"wp-block-heading\">Programa Techos Solares P\u00fablicos<\/h3>\n\n\n\n<p>El Programa Techos Solares P\u00fablicos es una iniciativa del Ministerio de Energ\u00eda, orientada a instalar sistemas fotovoltaicos en los techos de edificios p\u00fablicos, con el objeto de contribuir a la maduraci\u00f3n del mercado fotovoltaico para autoconsumo. Al a\u00f1o 2017, el programa ha licitado m\u00e1s de 100 proyectos, por un total de m\u00e1s de 4 MW de potencia instalada.<\/p>\n\n\n\n<p>En la p\u00e1gina web del Programa podr\u00e1 encontrar informaci\u00f3n sobre los proyectos implementados y en licitaci\u00f3n publica, informaci\u00f3n sobre precios y proveedores y sobre buenas y malas pr\u00e1cticas en la implementaci\u00f3n de proyectos fotovoltaicos.<\/p>\n\n\n\n<p>Ingresa a la p\u00e1gina web del PTSP&nbsp;<a href=\"http:\/\/www.minenergia.cl\/techossolares\/\" target=\"_blank\" rel=\"noreferrer noopener\">aqu\u00ed<\/a>.<\/p>\n\n\n\n<h3 class=\"wp-block-heading\">Centro de Tecnolog\u00edas para Energ\u00eda Solar Fraunhofer<\/h3>\n\n\n\n<figure class=\"wp-block-image is-resized\"><a href=\"http:\/\/www.fraunhofer.cl\/\" target=\"_blank\" rel=\"noreferrer noopener\"><img loading=\"lazy\" decoding=\"async\" width=\"650\" height=\"433\" src=\"https:\/\/autoconsumo.minenergia.cl\/wp-content\/uploads\/2017\/10\/franhofer-650x0-c-default.png\" alt=\"\" class=\"wp-image-834\" style=\"width:126px;height:auto\" srcset=\"https:\/\/autoconsumo.minenergia.cl\/wp-content\/uploads\/2017\/10\/franhofer-650x0-c-default.png 650w, https:\/\/autoconsumo.minenergia.cl\/wp-content\/uploads\/2017\/10\/franhofer-650x0-c-default-300x200.png 300w\" sizes=\"auto, (max-width: 650px) 100vw, 650px\" \/><\/a><\/figure>\n\n\n\n<p>El Centro de Tecnolog\u00edas para Energ\u00eda Solar de Fraunhofer Chile Research (FCR-CSET) busca contribuir al desarrollo de una econom\u00eda solar en Chile. Provee consultor\u00eda para la industria y organismos p\u00fablicos y desarrolla, en conjunto con las empresas, soluciones tecnol\u00f3gicas innovadoras, orientadas a implementar soluciones de energ\u00eda solar de gran escala para el sector industrial, comercial y residencial en Chile.<\/p>\n\n\n\n<p>El Centro cuenta con el apoyo de Corfo y el Ministerio de Energ\u00eda, a trav\u00e9s del programa de Atracci\u00f3n de Centros de Excelencia Internacional en I+D de Corfo. Adem\u00e1s cuenta como coejecutor con la Pontificia Universidad Cat\u00f3lica de Chile y dispone de un memor\u00e1ndum de entendimiento con SERC Chile (Chilean Solar Energy Research Center).<\/p>\n\n\n\n<p>Ingresa a la p\u00e1gina web del Centro de Tecnolog\u00edas para Energ\u00eda Solar&nbsp;<a href=\"http:\/\/www.fraunhofer.cl\/es\/cset.html\" target=\"_blank\" rel=\"noreferrer noopener\">aqu\u00ed<\/a>.<a href=\"http:\/\/www.minenergia.cl\/techossolares\/\"><\/a><\/p>\n\n\n\n<h3 class=\"wp-block-heading\">Solar Energy Reaserch Center<\/h3>\n\n\n\n<figure class=\"wp-block-image\"><a href=\"http:\/\/sercchile.cl\/\" target=\"_blank\" rel=\"noreferrer noopener\"><img loading=\"lazy\" decoding=\"async\" width=\"354\" height=\"99\" src=\"https:\/\/autoconsumo.minenergia.cl\/wp-content\/uploads\/2017\/10\/serc_chile_logo.png\" alt=\"\" class=\"wp-image-837\" srcset=\"https:\/\/autoconsumo.minenergia.cl\/wp-content\/uploads\/2017\/10\/serc_chile_logo.png 354w, https:\/\/autoconsumo.minenergia.cl\/wp-content\/uploads\/2017\/10\/serc_chile_logo-300x84.png 300w\" sizes=\"auto, (max-width: 354px) 100vw, 354px\" \/><\/a><\/figure>\n\n\n\n<p>El Solar Energy Reaserch Center (SERC Chile) es un centro de investigaci\u00f3n creado el a\u00f1o 2012, con el apoyo de la Comisi\u00f3n Nacional de Investigaci\u00f3n Cient\u00edfica y Tecnol\u00f3gica.<\/p>\n\n\n\n<p>Est\u00e1 compuesto por la Universidad de Chile, la Universidad de Tarapac\u00e1, la Universidad de Antofagasta, la Universidad T\u00e9cnica Federico Santa Mar\u00eda, la Universidad Adolfo Ib\u00e1\u00f1ez, la Universidad de Concepci\u00f3n y la Fundaci\u00f3n Chile. El SERC tiene objetivo erigirse en un l\u00edder mundial en investigaci\u00f3n cient\u00edfica sobre energ\u00eda solar, con especial \u00e9nfasis en desarrollar el potencial del desierto de Atacama en Chile.<\/p>\n\n\n\n<p>Ingresa a la p\u00e1gina web del SERC&nbsp;<a href=\"http:\/\/sercchile.cl\/\" target=\"_blank\" rel=\"noreferrer noopener\">aqu\u00ed<\/a>.<\/p>\n\n\n\n<p><\/p>\n","protected":false},"excerpt":{"rendered":"<p>Ponle Energ\u00eda a tu Empresa El&nbsp;Concurso Ponle Energ\u00eda a tu Empresa, financiado por&nbsp;Mitigation Action Facility (UE), ex NAMA Facility, busc\u00f3 entregar apoyo a empresas de todo tama\u00f1o a nivel nacional en la implementaci\u00f3n de sistemas de energ\u00edas renovables para su autoconsumo. Se realizaron dos concursos, el 2021 y 2023, ejecutando 62 proyectos en 13 regiones [&hellip;]<\/p>\n","protected":false},"author":7,"featured_media":0,"parent":0,"menu_order":0,"comment_status":"closed","ping_status":"closed","template":"","meta":{"footnotes":""},"class_list":["post-3260","page","type-page","status-publish","hentry"],"_links":{"self":[{"href":"https:\/\/autoconsumo.minenergia.cl\/index.php?rest_route=\/wp\/v2\/pages\/3260","targetHints":{"allow":["GET"]}}],"collection":[{"href":"https:\/\/autoconsumo.minenergia.cl\/index.php?rest_route=\/wp\/v2\/pages"}],"about":[{"href":"https:\/\/autoconsumo.minenergia.cl\/index.php?rest_route=\/wp\/v2\/types\/page"}],"author":[{"embeddable":true,"href":"https:\/\/autoconsumo.minenergia.cl\/index.php?rest_route=\/wp\/v2\/users\/7"}],"replies":[{"embeddable":true,"href":"https:\/\/autoconsumo.minenergia.cl\/index.php?rest_route=%2Fwp%2Fv2%2Fcomments&post=3260"}],"version-history":[{"count":13,"href":"https:\/\/autoconsumo.minenergia.cl\/index.php?rest_route=\/wp\/v2\/pages\/3260\/revisions"}],"predecessor-version":[{"id":4016,"href":"https:\/\/autoconsumo.minenergia.cl\/index.php?rest_route=\/wp\/v2\/pages\/3260\/revisions\/4016"}],"wp:attachment":[{"href":"https:\/\/autoconsumo.minenergia.cl\/index.php?rest_route=%2Fwp%2Fv2%2Fmedia&parent=3260"}],"curies":[{"name":"wp","href":"https:\/\/api.w.org\/{rel}","templated":true}]}}